{"id":12145,"date":"2022-07-20T15:33:19","date_gmt":"2022-07-20T13:33:19","guid":{"rendered":"https:\/\/wm-aquatec.de\/company-history\/"},"modified":"2023-01-19T11:42:35","modified_gmt":"2023-01-19T10:42:35","slug":"company-history","status":"publish","type":"page","link":"https:\/\/wm-aquatec.de\/en\/company-history\/","title":{"rendered":"Company history"},"content":{"rendered":"\n\n\t<section class=\"section\" id=\"section_1915380863\">\n\t\t<div class=\"section-bg fill\" >\n\t\t\t\t\t\t\t\t\t<div class=\"section-bg-overlay absolute fill\"><\/div>\n\t\t\t\n\n\t\t<\/div>\n\n\t\t\n\n\t\t<div class=\"section-content relative\">\n\t\t\t\n\n<div class=\"row row-full-width align-center\"  id=\"row-294337867\">\n\n\n\t<div id=\"col-1628744071\" class=\"col medium-8 small-12 large-8\"  >\n\t\t\t\t<div class=\"col-inner\"  >\n\t\t\t\n\t\t\t\n\n\t<div id=\"gap-52098243\" class=\"gap-element clearfix\" style=\"display:block; height:auto;\">\n\t\t\n<style>\n#gap-52098243 {\n  padding-top: 30px;\n}\n<\/style>\n\t<\/div>\n\t\n\n<div class=\"bold_timeline_container bold_timeline_container_line_style_solid bold_timeline_container_has_line_style bold_timeline_container_line_thickness_normal bold_timeline_container_item_style_outline_top bold_timeline_container_line_position_vertical bold_timeline_container_line_position_overlap bold_timeline_container_line_position_center bold_timeline_container_item_frame_thickness_normal bold_timeline_container_item_shape_square bold_timeline_container_item_icon_position_line bold_timeline_container_item_icon_shape_hard_rounded bold_timeline_container_item_icon_style_outline bold_timeline_container_item_connection_type_line bold_timeline_container_item_content_display_show bold_timeline_container_item_marker_type_dot bold_timeline_container_item_title_size_normal bold_timeline_container_item_supertitle_style_default bold_timeline_container_item_alignment_default bold_timeline_container_item_media_position_bottom bold_timeline_container_item_images_columns_2 bold_timeline_container_item_animation_fade_in bold_timeline_container_group_style_filled bold_timeline_container_group_shape_circle bold_timeline_container_group_thickness_normal bold_timeline_container_group_content_display_show bold_timeline_container_button_style_outline bold_timeline_container_button_shape_square bold_timeline_container_button_size_small bold_timeline_container_group_title_size_small\" id=\"id_69f5cf3366620\" style=\"; --boldthemes-default-line-color: #006ab0; --boldthemes-default-icon-color: #006ab0; --boldthemes-default-marker-color: #006ab0; --boldthemes-default-sticker-color: #006ab0;\" data-css-override=\"\"><div class = \"bold_timeline_container_line\"><\/div><div class=\"bold_timeline_container_content\"><div class=\"bold_timeline_group bold_timeline_group_override_style_filled bold_timeline_group_override_shape_circle bold_timeline_group_override_content_display_show bold_timeline_group_override_title_size_small bold_timeline_animate\" id=\"id_69f5cf33669ee\" data-css-override=\"\"><div class=\"bold_timeline_group_inner\"><\/div><div class=\"bold_timeline_group_content\"><div class=\"bold_timeline_item bold_timeline_item_override_style_inherit bold_timeline_item_override_shape_inherit bold_timeline_item_override_frame_thickness_inherit bold_timeline_item_override_connection_type_inherit bold_timeline_item_override_content_display_inherit bold_timeline_item_override_animation_inherit bold_timeline_animate bold_timeline_item_override_marker_type_inherit bold_timeline_item_override_icon_position_inherit bold_timeline_item_override_icon_style_inherit bold_timeline_item_override_icon_shape_inherit bold_timeline_item_override_media_position_inherit bold_timeline_item_override_title_size_inherit bold_timeline_item_override_supertitle_style_inherit bold_timeline_item_override_alignment_inherit bold_timeline_item_has_icon bold_timeline_item_override_images_columns_inherit\" id=\"id_69f5cf3366db3\" data-css-override=\"\" data-margin-top=\"0\"><div class = \"bold_timeline_item_icon\" data-ico-fa=\"&#xf0b1;\"><\/div><div class = \"bold_timeline_item_marker\"><\/div><div class = \"bold_timeline_item_connection\"><\/div><div class=\"bold_timeline_item_inner\"><div class=\"bold_timeline_item_header\"><div class=\"bold_timeline_item_header_inner\"><p class=\"bold_timeline_item_header_supertitle\"><span class=\"bold_timeline_item_header_supertitle_inner\">2010<\/span><\/p><h2 class=\"bold_timeline_item_header_title\">Gr\u00fcndung<\/h2><\/div><\/div><div class=\"bold_timeline_item_content\"><div class=\"bold_timeline_item_content_inner\"><div class=\"bold_timeline_item_text\" id=\"id_69f5cf3366f4e\"><div class=\"bold_timeline_item_text_inner\"><p style=\"text-align: left\"><span style=\"font-size: 90%\"><img loading=\"lazy\" decoding=\"async\" class=\"alignleft  wp-image-12142\" src=\"https:\/\/wm-aquatec.de\/wp-content\/uploads\/2022\/07\/StWu_MiWu_Australien.jpg\" alt=\"\" width=\"202\" height=\"144\" \/>Im Juli 2010 gr\u00fcndeten die Br\u00fcder Michael und Stephan W\u00fcrtemberger die WM aquatec GbR, auf damals 9m\u00b2 in der heimischen Wohnung. Angefangen hat Alles mit einem 9-monatigen Aufenthalt des j\u00fcngeren Bruders Stephan in Australien.<\/span><\/p><p style=\"text-align: left\"><span style=\"font-size: 90%\">Michael W\u00fcrtemberger sammelte nach seinem Studium der Versorgungs- und Umwelttechnik Erfahrungen im Bereich des Prototypenbaus von Wasseraufbereitungsanlagen. Neben seiner Hauptt\u00e4tigkeit als Entwicklungsingenieur entwickelte er eine mit Druckluft betriebene Kleinst-Anlage zur Aufbereitung von Oberfl\u00e4chenwasser. Diese hatte dann Ihren Testlauf in Down Under und versorgte die Br\u00fcder im Outback mit frischem Trinkwasser. Nach der R\u00fcckkehr aus Australien war die WM aquatec GbR geboren. Um sich der Realisierung von weiteren Projekten zu widmen, mieteten die Gebr\u00fcder W\u00fcrtemberger in Sch\u00f6naich (B\u00f6blingen) eine \u201eIdeenschmiede\u201c von 150m\u00b2 an.<\/span><\/p><\/div><\/div><\/div><\/div><\/div><\/div><div class=\"bold_timeline_item bold_timeline_item_override_style_inherit bold_timeline_item_override_shape_inherit bold_timeline_item_override_frame_thickness_inherit bold_timeline_item_override_connection_type_inherit bold_timeline_item_override_content_display_inherit bold_timeline_item_override_animation_inherit bold_timeline_animate bold_timeline_item_override_marker_type_inherit bold_timeline_item_override_icon_position_inherit bold_timeline_item_override_icon_style_inherit bold_timeline_item_override_icon_shape_inherit bold_timeline_item_override_media_position_inherit bold_timeline_item_override_title_size_inherit bold_timeline_item_override_supertitle_style_inherit bold_timeline_item_override_alignment_inherit bold_timeline_item_has_icon bold_timeline_item_override_images_columns_inherit\" id=\"id_69f5cf3367321\" data-css-override=\"\" data-margin-top=\"0\"><div class = \"bold_timeline_item_icon\" data-ico-fa=\"&#xf043;\"><\/div><div class = \"bold_timeline_item_marker\"><\/div><div class = \"bold_timeline_item_connection\"><\/div><div class=\"bold_timeline_item_inner\"><div class=\"bold_timeline_item_header\"><div class=\"bold_timeline_item_header_inner\"><p class=\"bold_timeline_item_header_supertitle\"><span class=\"bold_timeline_item_header_supertitle_inner\">2011<\/span><\/p><h2 class=\"bold_timeline_item_header_title\">Erstes Serienprodukt<\/h2><\/div><\/div><div class=\"bold_timeline_item_content\"><div class=\"bold_timeline_item_content_inner\"><div class=\"bold_timeline_item_text\" id=\"id_69f5cf3367474\"><div class=\"bold_timeline_item_text_inner\"><p style=\"text-align: left\"><span style=\"font-size: 90%\"><img loading=\"lazy\" decoding=\"async\" class=\"wp-image-12138 alignleft\" src=\"https:\/\/wm-aquatec.de\/wp-content\/uploads\/2022\/07\/Serienprodukt_Silbernetz-1.jpeg\" alt=\"\" width=\"201\" height=\"143\" \/><\/span><span style=\"font-size: 90%\">Mit dem Silbernetz als erstes Serienprodukt wurde WM aquatec 2011 Vorreiter im Bereich der automatischen Wasserkonservierung. Erstmals der breiten \u00d6ffentlichkeit vorgestellt wurde das Produkt auf dem Caravan Salon in D\u00fcsseldorf, der Leitmesse f\u00fcr Camping und Caravaning weltweit. <\/span><span style=\"font-size: 90%\">Das Erfolgsrezept mit der einfachen und zuverl\u00e4ssigen Handhabung des Silbernetzes ging auf. Unz\u00e4hlige Wohnmobilisten, Yachtbesitzer wie auch Busunternehmen setzten auf die einfache und zuverl\u00e4ssige Nutzung des Produktes. Teil des Erfolgsrezepts war der gro\u00dffl\u00e4chig angelegte und gut organisierte Vertriebsweg \u00fcber den deutschen Gro\u00dfhandel im Campingbereich, der im Januar 2012 startete.<\/span><\/p><\/div><\/div><\/div><\/div><\/div><\/div><div class=\"bold_timeline_item bold_timeline_item_override_style_inherit bold_timeline_item_override_shape_inherit bold_timeline_item_override_frame_thickness_inherit bold_timeline_item_override_connection_type_inherit bold_timeline_item_override_content_display_inherit bold_timeline_item_override_animation_inherit bold_timeline_animate bold_timeline_item_override_marker_type_inherit bold_timeline_item_override_icon_position_inherit bold_timeline_item_override_icon_style_inherit bold_timeline_item_override_icon_shape_inherit bold_timeline_item_override_media_position_inherit bold_timeline_item_override_title_size_inherit bold_timeline_item_override_supertitle_style_inherit bold_timeline_item_override_alignment_inherit bold_timeline_item_has_icon bold_timeline_item_override_images_columns_inherit\" id=\"id_69f5cf336780e\" data-css-override=\"\" data-margin-top=\"0\"><div class = \"bold_timeline_item_icon\" data-ico-fa=\"&#xf015;\"><\/div><div class = \"bold_timeline_item_marker\"><\/div><div class = \"bold_timeline_item_connection\"><\/div><div class=\"bold_timeline_item_inner\"><div class=\"bold_timeline_item_header\"><div class=\"bold_timeline_item_header_inner\"><p class=\"bold_timeline_item_header_supertitle\"><span class=\"bold_timeline_item_header_supertitle_inner\">2013<\/span><\/p><h2 class=\"bold_timeline_item_header_title\">Umzug &amp; Umfirmierung<\/h2><\/div><\/div><div class=\"bold_timeline_item_content\"><div class=\"bold_timeline_item_content_inner\"><div class=\"bold_timeline_item_text\" id=\"id_69f5cf336795b\"><div class=\"bold_timeline_item_text_inner\"><p style=\"text-align: left\"><span style=\"font-size: 90%\">Steigender Platzbedarf sorgte im Januar 2013 f\u00fcr einen Umzug der Firma nach Filderstadt-Sielmingen. Mit der Verdopplung der Firmenfl\u00e4che auf 300m\u00b2 war es von nun an m\u00f6glich, einen gr\u00f6\u00dferen Lagerbestand anzulegen bzw. die Produktionskapazit\u00e4ten zu erh\u00f6hen. Zu diesem Zeitpunkt wurde auch die GbR in die heutige WM aquatec GmbH &amp; Co.KG umfirmiert. Durch seine Erfahrung als Produktionsleiter eines Kfz-Zulieferers, \u00fcbernahm Stephan W\u00fcrtemberger die Leitung der Produktion.<\/span><\/p><\/div><\/div><\/div><\/div><\/div><\/div><div class=\"bold_timeline_item bold_timeline_item_override_style_inherit bold_timeline_item_override_shape_inherit bold_timeline_item_override_frame_thickness_inherit bold_timeline_item_override_connection_type_inherit bold_timeline_item_override_content_display_inherit bold_timeline_item_override_animation_inherit bold_timeline_animate bold_timeline_item_override_marker_type_inherit bold_timeline_item_override_icon_position_inherit bold_timeline_item_override_icon_style_inherit bold_timeline_item_override_icon_shape_inherit bold_timeline_item_override_media_position_inherit bold_timeline_item_override_title_size_inherit bold_timeline_item_override_supertitle_style_inherit bold_timeline_item_override_alignment_inherit bold_timeline_item_has_icon bold_timeline_item_override_images_columns_inherit\" id=\"id_69f5cf3367ce9\" data-css-override=\"\" data-margin-top=\"0\"><div class = \"bold_timeline_item_icon\" data-ico-fa=\"&#xf201;\"><\/div><div class = \"bold_timeline_item_marker\"><\/div><div class = \"bold_timeline_item_connection\"><\/div><div class=\"bold_timeline_item_inner\"><div class=\"bold_timeline_item_header\"><div class=\"bold_timeline_item_header_inner\"><p class=\"bold_timeline_item_header_supertitle\"><span class=\"bold_timeline_item_header_supertitle_inner\">2017<\/span><\/p><h2 class=\"bold_timeline_item_header_title\">Erweiterung &amp; Zukunftsinvestition<\/h2><\/div><\/div><div class=\"bold_timeline_item_content\"><div class=\"bold_timeline_item_content_inner\"><div class=\"bold_timeline_item_text\" id=\"id_69f5cf3367e35\"><div class=\"bold_timeline_item_text_inner\"><p><span style=\"font-size: 90%\">Im M\u00e4rz 2017 wurde der Firmensitz nach Erkenbrechtsweiler verlegt, um den wachsenden Platzbedarf zu stillen. Ein eigenes Firmengeb\u00e4ude mit ca. 1500m\u00b2 B\u00fcro-, Produktions- u. Lagerfl\u00e4che bietet 12 Angestellten eine hervorragende Grundlage zur Entwicklung, Produktion sowie zum Vertrieb von neuen und innovativen Produkten. Die Produktpalette ist inzwischen angewachsen und wurde erweitert- von Konservierungs- und Desinfektionsmitteln f\u00fcr Wasser f\u00fchrende Systeme, bis hin zur vollautomatischen Wasseraufbereitungsanlage f\u00fcr Hausboote. Erh\u00e4ltlich sind WM aquatec-Produkte mittlerweile in \u00fcber 350 Fachhandelsgesch\u00e4ften im Camping-, Yachting- u. Outdoorbedarf in Deutschland. Dar\u00fcber hinaus werden die Produkte in die Schweiz, innereurop\u00e4isch und auch nach \u00dcbersee vertrieben.<\/span><\/p><\/div><\/div><\/div><\/div><\/div><\/div><div class=\"bold_timeline_item bold_timeline_item_override_style_inherit bold_timeline_item_override_shape_inherit bold_timeline_item_override_frame_thickness_inherit bold_timeline_item_override_connection_type_inherit bold_timeline_item_override_content_display_inherit bold_timeline_item_override_animation_inherit bold_timeline_animate bold_timeline_item_override_marker_type_inherit bold_timeline_item_override_icon_position_inherit bold_timeline_item_override_icon_style_inherit bold_timeline_item_override_icon_shape_inherit bold_timeline_item_override_media_position_inherit bold_timeline_item_override_title_size_inherit bold_timeline_item_override_supertitle_style_inherit bold_timeline_item_override_alignment_inherit bold_timeline_item_has_icon bold_timeline_item_override_images_columns_inherit\" id=\"id_69f5cf33681e7\" data-css-override=\"\" data-margin-top=\"0\"><div class = \"bold_timeline_item_icon\" data-ico-fa=\"&#xf1fd;\"><\/div><div class = \"bold_timeline_item_marker\"><\/div><div class = \"bold_timeline_item_connection\"><\/div><div class=\"bold_timeline_item_inner\"><div class=\"bold_timeline_item_header\"><div class=\"bold_timeline_item_header_inner\"><p class=\"bold_timeline_item_header_supertitle\"><span class=\"bold_timeline_item_header_supertitle_inner\">2020<\/span><\/p><h2 class=\"bold_timeline_item_header_title\">10-j\u00e4hriges Jubil\u00e4um &amp; Innovationskraft<\/h2><\/div><\/div><div class=\"bold_timeline_item_content\"><div class=\"bold_timeline_item_content_inner\"><div class=\"bold_timeline_item_text\" id=\"id_69f5cf3368339\"><div class=\"bold_timeline_item_text_inner\"><p style=\"text-align: left\"><span style=\"font-size: 90%\"><img loading=\"lazy\" decoding=\"async\" class=\"alignleft  wp-image-12150\" src=\"https:\/\/wm-aquatec.de\/wp-content\/uploads\/2022\/07\/awards.jpg\" alt=\"\" width=\"199\" height=\"142\" \/>Wie schnell die Zeit vergeht. Vor nunmehr 10 Jahren sind Leidenschaft und Kreativit\u00e4t der Gebr\u00fcder W\u00fcrtemberger und der unb\u00e4ndige Wille Ziele zu erreichen in die Firmengr\u00fcndung \u00fcbergangen. Seitdem wurden Hunderttausende zufriedene Camper, Wohnmobilisten, Yachtbesitzer wie auch Industrielle mit Produkten von WM aquatec ausgestattet. Dank einem motivierten und fachkompetenten 20-k\u00f6pfigem Mitarbeiter-Team ist WM aquatec im deutschsprachigen Raum mittlerweile sogar die Nr. 1 in Sachen Wasserhygiene im Reisemobilbereich. Ein neues Kapitel im Bereich der vollautomatischen Wasserdesinfektion schlagen die schw\u00e4bischen Br\u00fcder mit der Entwicklung der UV-C LED Wasserdesinfektionseinheit auf. Dieses Produkt, erstmals auf der CMT 2020 in Stuttgart vorgestellt, sorgte nicht nur bei Presse und Endkunden f\u00fcr gro\u00dfe Aufmerksamkeit, sondern rief auch namhafte Reisemobilhersteller auf den Plan.<\/span><\/p><p style=\"text-align: left\"><span style=\"font-size: 90%\">Innovation wird belohnt: Die UV-C LED wurde mit dem German Innovation Award 2020 ausgezeichnet und f\u00fcr den Deutschen Nachhaltigkeitspreis 2021 nominiert.<\/span><\/p><\/div><\/div><\/div><\/div><\/div><\/div><div class=\"bold_timeline_item bold_timeline_item_override_style_inherit bold_timeline_item_override_shape_inherit bold_timeline_item_override_frame_thickness_inherit bold_timeline_item_override_connection_type_inherit bold_timeline_item_override_content_display_inherit bold_timeline_item_override_animation_inherit bold_timeline_animate bold_timeline_item_override_marker_type_inherit bold_timeline_item_override_icon_position_inherit bold_timeline_item_override_icon_style_inherit bold_timeline_item_override_icon_shape_inherit bold_timeline_item_override_media_position_inherit bold_timeline_item_override_title_size_inherit bold_timeline_item_override_supertitle_style_inherit bold_timeline_item_override_alignment_inherit bold_timeline_item_has_icon bold_timeline_item_override_images_columns_inherit\" id=\"id_69f5cf33686dd\" data-css-override=\"\" data-margin-top=\"0\"><div class = \"bold_timeline_item_icon\" data-ico-fa=\"&#xf183;\"><\/div><div class = \"bold_timeline_item_marker\"><\/div><div class = \"bold_timeline_item_connection\"><\/div><div class=\"bold_timeline_item_inner\"><div class=\"bold_timeline_item_header\"><div class=\"bold_timeline_item_header_inner\"><p class=\"bold_timeline_item_header_supertitle\"><span class=\"bold_timeline_item_header_supertitle_inner\">2022<\/span><\/p><h2 class=\"bold_timeline_item_header_title\">WM aquatec w\u00e4chst weiter<\/h2><\/div><\/div><div class=\"bold_timeline_item_content\"><div class=\"bold_timeline_item_content_inner\"><div class=\"bold_timeline_item_text\" id=\"id_69f5cf3368826\"><div class=\"bold_timeline_item_text_inner\"><p><span style=\"font-size: 90%\">Mit dem mittlerweile 30-k\u00f6pfigen Team ist WM aquatec auch verst\u00e4rkt in anderen Branchen zuhause und erweitert zudem seine Vertriebsaktivit\u00e4ten auf den au\u00dfereurop\u00e4ischen Markt.<\/span><\/p><\/div><\/div><\/div><\/div><\/div><\/div><\/div><div class=\"bold_timeline_group_show_button\"><div class=\"bold_timeline_group_show_button_inner\">[bold_timeline_item_button title=&#8221;Expand&#8221; style=&#8221;&#8221; shape=&#8221;&#8221; color=&#8221;&#8221; size=&#8221;inline&#8221; url=&#8221;#&#8221; el_class=&#8221;bold_timeline_group_button&#8221;]<\/div><\/div><\/div><\/div><\/div>\n\t<div id=\"gap-2063309504\" class=\"gap-element clearfix\" style=\"display:block; height:auto;\">\n\t\t\n<style>\n#gap-2063309504 {\n  padding-top: 30px;\n}\n<\/style>\n\t<\/div>\n\t\n\n\n\t\t<\/div>\n\t\t\t\t\n<style>\n#col-1628744071 > .col-inner {\n  padding: 10px 0px 10px 0px;\n  margin: 10px 0px 10px 0px;\n}\n<\/style>\n\t<\/div>\n\n\t\n\n\n<style>\n#row-294337867 > .col > .col-inner {\n  padding: 50px 0px 50px 0px;\n}\n<\/style>\n<\/div>\n<div class=\"row\"  id=\"row-417566943\">\n\n\n\t<div id=\"col-272165987\" class=\"col medium-4 small-12 large-4\"  >\n\t\t\t\t<div class=\"col-inner\"  >\n\t\t\t\n\t\t\t\n\n\n\t\t<\/div>\n\t\t\t\t\t<\/div>\n\n\t\n\n\t<div id=\"col-1694844059\" class=\"col medium-4 small-12 large-4\"  >\n\t\t\t\t<div class=\"col-inner\"  >\n\t\t\t\n\t\t\t\n\n\n\t\t<\/div>\n\t\t\t\t\t<\/div>\n\n\t\n\n\t<div id=\"col-1582114291\" class=\"col medium-4 small-12 large-4\"  >\n\t\t\t\t<div class=\"col-inner\"  >\n\t\t\t\n\t\t\t\n\n\n\t\t<\/div>\n\t\t\t\t\t<\/div>\n\n\t\n\n<\/div>\n\n\t\t<\/div>\n\n\t\t\n<style>\n#section_1915380863 {\n  padding-top: 30px;\n  padding-bottom: 30px;\n  min-height: 400px;\n}\n#section_1915380863 .section-bg-overlay {\n  background-color: rgba(255, 255, 255, 0.302);\n}\n<\/style>\n\t<\/section>\n\t\n\n","protected":false},"excerpt":{"rendered":"","protected":false},"author":1,"featured_media":0,"parent":0,"menu_order":0,"comment_status":"closed","ping_status":"closed","template":"","meta":{"inline_featured_image":false,"footnotes":""},"class_list":["post-12145","page","type-page","status-publish","hentry"],"_links":{"self":[{"href":"https:\/\/wm-aquatec.de\/en\/wp-json\/wp\/v2\/pages\/12145","targetHints":{"allow":["GET"]}}],"collection":[{"href":"https:\/\/wm-aquatec.de\/en\/wp-json\/wp\/v2\/pages"}],"about":[{"href":"https:\/\/wm-aquatec.de\/en\/wp-json\/wp\/v2\/types\/page"}],"author":[{"embeddable":true,"href":"https:\/\/wm-aquatec.de\/en\/wp-json\/wp\/v2\/users\/1"}],"replies":[{"embeddable":true,"href":"https:\/\/wm-aquatec.de\/en\/wp-json\/wp\/v2\/comments?post=12145"}],"version-history":[{"count":0,"href":"https:\/\/wm-aquatec.de\/en\/wp-json\/wp\/v2\/pages\/12145\/revisions"}],"wp:attachment":[{"href":"https:\/\/wm-aquatec.de\/en\/wp-json\/wp\/v2\/media?parent=12145"}],"curies":[{"name":"wp","href":"https:\/\/api.w.org\/{rel}","templated":true}]}}